{"id":2598,"date":"2023-05-10T18:19:42","date_gmt":"2023-05-10T16:19:42","guid":{"rendered":"https:\/\/www.mecanizadosbp.com\/conocenos\/"},"modified":"2023-09-27T19:45:39","modified_gmt":"2023-09-27T17:45:39","slug":"coneix-nos","status":"publish","type":"page","link":"https:\/\/www.mecanizadosbp.com\/ca\/coneix-nos\/","title":{"rendered":"Coneix-nos"},"content":{"rendered":"<p>[et_pb_section fb_built=&#8221;1&#8243; admin_label=&#8221;Cabecera&#8221; _builder_version=&#8221;4.21.0&#8243; _module_preset=&#8221;default&#8221; use_background_color_gradient=&#8221;on&#8221; background_color_gradient_stops=&#8221;rgba(255,255,255,0.5) 30%|#ffffff 100%&#8221; background_color_gradient_overlays_image=&#8221;on&#8221; background_image=&#8221;https:\/\/www.mecanizadosbp.com\/wp-content\/uploads\/2023\/07\/fondo_01_opt.jpg&#8221; custom_padding=&#8221;10vh||20vh||false|false&#8221; locked=&#8221;off&#8221; collapsed=&#8221;on&#8221; global_colors_info=&#8221;{}&#8221;][et_pb_row _builder_version=&#8221;4.21.0&#8243; _module_preset=&#8221;default&#8221; background_enable_image=&#8221;off&#8221; animation_style=&#8221;fade&#8221; global_colors_info=&#8221;{}&#8221;][et_pb_column type=&#8221;4_4&#8243; _builder_version=&#8221;4.20.0&#8243; _module_preset=&#8221;default&#8221; global_colors_info=&#8221;{}&#8221;][et_pb_text _builder_version=&#8221;4.21.0&#8243; _module_preset=&#8221;755ef882-d755-4d26-85c8-c190d65a1aa2&#8243; header_font=&#8221;|800||on|||||&#8221; header_text_color=&#8221;#000000&#8243; text_orientation=&#8221;center&#8221; custom_margin=&#8221;||10px||false|false&#8221; global_colors_info=&#8221;{}&#8221;]<\/p>\n<h1>Coneix-nos<\/h1>\n<p>[\/et_pb_text][et_pb_text _builder_version=&#8221;4.21.0&#8243; _module_preset=&#8221;f7a407d2-3f16-4eeb-b641-2074f60c0f6f&#8221; text_font=&#8221;|500|||||||&#8221; text_text_color=&#8221;#000000&#8243; text_orientation=&#8221;center&#8221; locked=&#8221;off&#8221; global_colors_info=&#8221;{}&#8221;]<\/p>\n<p>QUI SOM<\/p>\n<p>[\/et_pb_text][\/et_pb_column][\/et_pb_row][\/et_pb_section][et_pb_section fb_built=&#8221;1&#8243; specialty=&#8221;on&#8221; padding_top_1=&#8221;8%&#8221; padding_right_1=&#8221;8%&#8221; padding_top_bottom_link_1=&#8221;false&#8221; padding_left_right_link_1=&#8221;false&#8221; padding_1_tablet=&#8221;|0px|||false|false&#8221; padding_1_phone=&#8221;|0px|||false|false&#8221; padding_1_last_edited=&#8221;on|tablet&#8221; admin_label=&#8221;Conocenos&#8221; _builder_version=&#8221;4.21.0&#8243; _module_preset=&#8221;default&#8221; background_enable_color=&#8221;off&#8221; background_image=&#8221;https:\/\/www.mecanizadosbp.com\/wp-content\/uploads\/2023\/06\/fonfo_conocenos.png&#8221; parallax=&#8221;on&#8221; custom_padding=&#8221;0px||||false|false&#8221; collapsed=&#8221;on&#8221; global_colors_info=&#8221;{%22gcid-86da69f8-ce43-4c42-8395-4abd58818e72%22:%91%22background_color%22%93}&#8221;][et_pb_column type=&#8221;1_2&#8243; _builder_version=&#8221;4.16&#8243; _module_preset=&#8221;default&#8221; custom_padding=&#8221;|||&#8221; global_colors_info=&#8221;{}&#8221; custom_padding__hover=&#8221;|||&#8221;][et_pb_text _builder_version=&#8221;4.21.0&#8243; _module_preset=&#8221;730cbf13-c3e9-4663-b6c8-926e1ed8e418&#8243; text_font=&#8221;|700|||||||&#8221; text_text_color=&#8221;#762b3d&#8221; header_2_font=&#8221;|800|||||||&#8221; global_colors_info=&#8221;{}&#8221;]<\/p>\n<h2>Qui Som<\/h2>\n<p>[\/et_pb_text][et_pb_text _builder_version=&#8221;4.21.0&#8243; _module_preset=&#8221;e81f6b11-5965-468a-b23e-a743bc6ec082&#8243; text_font=&#8221;||||||||&#8221; locked=&#8221;off&#8221; global_colors_info=&#8221;{}&#8221;]<\/p>\n<p>Empresa del sector de la metal\u00b7l\u00fargia. Dedicada al desenvolupament de tota mena de treballs realitzats amb metalls, majorit\u00e0riament de fabricaci\u00f3 i dissenys propis, donant als nostres clients un plus d&#8217;originalitat i m\u00e0xima qualitat.<\/p>\n<p>Els nostres clients abasten tot el sector de mercat. Realitzem projectes per a particulars, empreses i obra p\u00fablica. Oferint sempre la m\u00e0xima qualitat i excel\u00b7lents preus de mercat.<\/p>\n<p>La nostra Seu \u00e9s al Vendrell, prov\u00edncia de Tarragona, amb una excel\u00b7lent accessibilitat. El nostre taller disposa de seccions diferenciades d\u00b4alumini, ferro, acer inoxidable, alumini soldat, portes seccionals i motoritzaci\u00f3.<\/p>\n<p>El nostre objectiu empresarial \u00e9s un creixement sostingut i continu, oferint en tot moment el millor treball realitzat per professionals del sector.<\/p>\n<p>[\/et_pb_text][et_pb_divider show_divider=&#8221;off&#8221; _builder_version=&#8221;4.21.0&#8243; _module_preset=&#8221;default&#8221; global_colors_info=&#8221;{}&#8221;][\/et_pb_divider][\/et_pb_column][et_pb_column type=&#8221;1_2&#8243; specialty_columns=&#8221;2&#8243; _builder_version=&#8221;4.16&#8243; _module_preset=&#8221;default&#8221; custom_padding=&#8221;|||&#8221; global_colors_info=&#8221;{}&#8221; custom_padding__hover=&#8221;|||&#8221;][et_pb_row_inner _builder_version=&#8221;4.21.0&#8243; _module_preset=&#8221;default&#8221; background_enable_image=&#8221;off&#8221; custom_padding=&#8221;0px||0px||false|false&#8221; global_colors_info=&#8221;{}&#8221;][et_pb_column_inner saved_specialty_column_type=&#8221;1_2&#8243; _builder_version=&#8221;4.21.0&#8243; _module_preset=&#8221;default&#8221; background_enable_image=&#8221;off&#8221; global_colors_info=&#8221;{}&#8221;][et_pb_image src=&#8221;https:\/\/www.mecanizadosbp.com\/wp-content\/uploads\/2023\/07\/conocenos_opt.jpg&#8221; alt=&#8221;Mecanizados Baix Pened\u00e8s&#8230;&#8221; title_text=&#8221;conocenos_opt&#8221; show_bottom_space=&#8221;off&#8221; _builder_version=&#8221;4.21.0&#8243; _module_preset=&#8221;default&#8221; custom_margin=&#8221;|-16vw|72px||false|false&#8221; custom_margin_tablet=&#8221;|0vw|||false|false&#8221; custom_margin_phone=&#8221;|0vw|||false|false&#8221; custom_margin_last_edited=&#8221;on|tablet&#8221; custom_padding=&#8221;72px|||||&#8221; animation_style=&#8221;slide&#8221; animation_direction=&#8221;right&#8221; animation_intensity_slide=&#8221;5%&#8221; border_radii_tablet=&#8221;on|5px|5px|5px|5px&#8221; border_radii_phone=&#8221;off|5px|5px|0px|0px&#8221; border_radii_last_edited=&#8221;off|desktop&#8221; box_shadow_style=&#8221;preset3&#8243; locked=&#8221;off&#8221; global_colors_info=&#8221;{}&#8221;][\/et_pb_image][\/et_pb_column_inner][\/et_pb_row_inner][\/et_pb_column][\/et_pb_section][et_pb_section fb_built=&#8221;1&#8243; admin_label=&#8221;Banner&#8221; _builder_version=&#8221;4.22.2&#8243; _module_preset=&#8221;default&#8221; use_background_color_gradient=&#8221;on&#8221; background_color_gradient_stops=&#8221;rgba(34,34,34,0) 0%|gcid-1f9b0bb3-481a-49f1-9fe6-999fc3c3182b 100%&#8221; background_color_gradient_overlays_image=&#8221;on&#8221; background_image=&#8221;https:\/\/www.mecanizadosbp.com\/wp-content\/uploads\/2023\/09\/aluminio-3-2.jpg&#8221; parallax=&#8221;on&#8221; custom_padding=&#8221;90px||90px||true|false&#8221; animation_style=&#8221;fade&#8221; hover_enabled=&#8221;0&#8243; collapsed=&#8221;off&#8221; global_colors_info=&#8221;{%22gcid-1f9b0bb3-481a-49f1-9fe6-999fc3c3182b%22:%91%22background_color_gradient_stops%22%93}&#8221; title_text=&#8221;aluminio 3&#8243; sticky_enabled=&#8221;0&#8243;][et_pb_row _builder_version=&#8221;4.21.0&#8243; _module_preset=&#8221;default&#8221; global_colors_info=&#8221;{}&#8221;][et_pb_column type=&#8221;4_4&#8243; _builder_version=&#8221;4.21.0&#8243; _module_preset=&#8221;default&#8221; animation_style=&#8221;slide&#8221; animation_direction=&#8221;right&#8221; animation_intensity_slide=&#8221;5%&#8221; global_colors_info=&#8221;{}&#8221;][et_pb_text _builder_version=&#8221;4.21.0&#8243; _module_preset=&#8221;2e23a4d2-dbd1-437b-8c81-ade9e250ab8a&#8221; header_font=&#8221;|800||on|||||&#8221; header_text_color=&#8221;#FFFFFF&#8221; custom_margin=&#8221;||10px||false|false&#8221; global_colors_info=&#8221;{}&#8221;]<\/p>\n<h1>Demana Pressupost sense Comprom\u00eds<\/h1>\n<p>[\/et_pb_text][et_pb_text _builder_version=&#8221;4.21.0&#8243; _module_preset=&#8221;1ae4b582-068f-40bf-8b33-ed337dd27f0a&#8221; text_font=&#8221;|700|||||||&#8221; text_text_color=&#8221;#FFFFFF&#8221; global_colors_info=&#8221;{}&#8221;]<\/p>\n<p>Posa&#8217;t en contacte amb nosaltres per fer-nos arribar les teves consultes i demana pressupost sense comprom\u00eds.<\/p>\n<p>[\/et_pb_text][et_pb_button button_url=&#8221;https:\/\/www.mecanizadosbp.com\/ca\/contacte\/&#8221; button_text=&#8221;Contacta amb Nosaltres&#8221; _builder_version=&#8221;4.21.0&#8243; _module_preset=&#8221;ae9e5ffa-f119-4212-84cd-8c00fd42a26f&#8221; button_bg_color=&#8221;gcid-922f8e05-0af6-48a7-8ba4-9a77f0c7dbee&#8221; locked=&#8221;off&#8221; global_colors_info=&#8221;{%22gcid-922f8e05-0af6-48a7-8ba4-9a77f0c7dbee%22:%91%22button_bg_color%22%93}&#8221;][\/et_pb_button][\/et_pb_column][\/et_pb_row][\/et_pb_section][et_pb_section fb_built=&#8221;1&#8243; admin_label=&#8221;Contacto&#8221; _builder_version=&#8221;4.21.0&#8243; _module_preset=&#8221;default&#8221; background_color=&#8221;#49269c&#8221; background_image=&#8221;https:\/\/www.mecanizadosbp.com\/wp-content\/uploads\/2023\/06\/fondo_footer.png&#8221; parallax=&#8221;on&#8221; transform_translate_linked=&#8221;off&#8221; custom_margin=&#8221;||||false|false&#8221; custom_padding=&#8221;9px||0px||false|false&#8221; global_module=&#8221;2589&#8243; saved_tabs=&#8221;all&#8221; collapsed=&#8221;on&#8221; global_colors_info=&#8221;{}&#8221;][et_pb_row column_structure=&#8221;1_2,1_2&#8243; _builder_version=&#8221;4.21.0&#8243; _module_preset=&#8221;default&#8221; custom_margin=&#8221;140px|auto||auto|false|false&#8221; custom_padding=&#8221;||4px||false|false&#8221; global_colors_info=&#8221;{}&#8221;][et_pb_column type=&#8221;1_2&#8243; _builder_version=&#8221;4.21.0&#8243; _module_preset=&#8221;default&#8221; animation_style=&#8221;fade&#8221; global_colors_info=&#8221;{}&#8221;][et_pb_text _builder_version=&#8221;4.21.0&#8243; _module_preset=&#8221;f8aea53d-bba7-4503-b892-bb76405df82a&#8221; header_4_font=&#8221;|700||on|||||&#8221; header_4_text_color=&#8221;rgba(255,255,255,0.8)&#8221; header_4_font_size=&#8221;16px&#8221; global_colors_info=&#8221;{}&#8221;]<\/p>\n<h4>Estem disponibles per ajudar-te<\/h4>\n<p>[\/et_pb_text][et_pb_text _builder_version=&#8221;4.21.0&#8243; _module_preset=&#8221;f8aea53d-bba7-4503-b892-bb76405df82a&#8221; header_2_font=&#8221;|700|||||||&#8221; header_2_text_color=&#8221;#FFFFFF&#8221; header_4_font=&#8221;|700||on|||||&#8221; global_colors_info=&#8221;{}&#8221;]<\/p>\n<h2>Contacte<\/h2>\n<p>[\/et_pb_text][et_pb_divider color=&#8221;#FFFFFF&#8221; divider_weight=&#8221;3px&#8221; _builder_version=&#8221;4.21.0&#8243; _module_preset=&#8221;default&#8221; width=&#8221;20%&#8221; custom_margin=&#8221;20px||||false|false&#8221; global_colors_info=&#8221;{}&#8221;][\/et_pb_divider][et_pb_text _builder_version=&#8221;4.21.0&#8243; _module_preset=&#8221;default&#8221; text_text_color=&#8221;#FFFFFF&#8221; text_font_size=&#8221;16px&#8221; text_line_height=&#8221;1.5em&#8221; custom_margin=&#8221;-27px|||||&#8221; global_colors_info=&#8221;{}&#8221;]<\/p>\n<p>Posa&#8217;t en contacte amb nosaltres per fer-nos arribar les teves consultes i demana pressupost sense comprom\u00eds.<\/p>\n<p>[\/et_pb_text][\/et_pb_column][et_pb_column type=&#8221;1_2&#8243; _builder_version=&#8221;4.21.0&#8243; _module_preset=&#8221;default&#8221; animation_style=&#8221;slide&#8221; animation_direction=&#8221;right&#8221; animation_intensity_slide=&#8221;5%&#8221; global_colors_info=&#8221;{}&#8221;][et_pb_text _builder_version=&#8221;4.21.0&#8243; _module_preset=&#8221;f8aea53d-bba7-4503-b892-bb76405df82a&#8221; header_4_font=&#8221;|700||on|||||&#8221; header_4_text_color=&#8221;rgba(255,255,255,0.8)&#8221; header_4_font_size=&#8221;16px&#8221; global_colors_info=&#8221;{}&#8221;]<\/p>\n<h4>Escriu aqu\u00ed el teu missatge<\/h4>\n<p>[\/et_pb_text][et_pb_contact_form captcha=&#8221;off&#8221; email=&#8221;info@mecanizadosbp.com&#8221; success_message=&#8221;Gr\u00e0cies pel teu missatge&#8230;&#8221; submit_button_text=&#8221;ENVIAR&#8221; _builder_version=&#8221;4.21.0&#8243; _module_preset=&#8221;default&#8221; _unique_id=&#8221;4cb6f08d-5b63-4e5a-b9ed-e1033ed779b6&#8243; form_field_background_color=&#8221;rgba(255,255,255,0.3)&#8221; form_field_text_color=&#8221;#FFFFFF&#8221; form_field_font_size=&#8221;16px&#8221; custom_button=&#8221;on&#8221; button_text_size=&#8221;16px&#8221; button_text_color=&#8221;#49269c&#8221; button_bg_color=&#8221;rgba(255,255,255,0.5)&#8221; button_border_width=&#8221;0px&#8221; button_border_color=&#8221;#FFFFFF&#8221; button_border_radius=&#8221;5px&#8221; button_font=&#8221;|700|||||||&#8221; global_colors_info=&#8221;{}&#8221;][et_pb_contact_field field_id=&#8221;Name&#8221; field_title=&#8221;Nom i Cognoms&#8221; fullwidth_field=&#8221;on&#8221; _builder_version=&#8221;4.21.0&#8243; border_radii=&#8221;on|10px|10px|10px|10px&#8221; global_colors_info=&#8221;{}&#8221; button_text_size__hover_enabled=&#8221;off&#8221; button_one_text_size__hover_enabled=&#8221;off&#8221; button_two_text_size__hover_enabled=&#8221;off&#8221; button_text_color__hover_enabled=&#8221;off&#8221; button_one_text_color__hover_enabled=&#8221;off&#8221; button_two_text_color__hover_enabled=&#8221;off&#8221; button_border_width__hover_enabled=&#8221;off&#8221; button_one_border_width__hover_enabled=&#8221;off&#8221; button_two_border_width__hover_enabled=&#8221;off&#8221; button_border_color__hover_enabled=&#8221;off&#8221; button_one_border_color__hover_enabled=&#8221;off&#8221; button_two_border_color__hover_enabled=&#8221;off&#8221; button_border_radius__hover_enabled=&#8221;off&#8221; button_one_border_radius__hover_enabled=&#8221;off&#8221; button_two_border_radius__hover_enabled=&#8221;off&#8221; button_letter_spacing__hover_enabled=&#8221;off&#8221; button_one_letter_spacing__hover_enabled=&#8221;off&#8221; button_two_letter_spacing__hover_enabled=&#8221;off&#8221; button_bg_color__hover_enabled=&#8221;off&#8221; button_one_bg_color__hover_enabled=&#8221;off&#8221; button_two_bg_color__hover_enabled=&#8221;off&#8221;][\/et_pb_contact_field][et_pb_contact_field field_id=&#8221;Telefon&#8221; field_title=&#8221;Tel\u00e8fon&#8221; _builder_version=&#8221;4.21.0&#8243; _module_preset=&#8221;default&#8221; border_radii=&#8221;on|10px|10px|10px|10px&#8221; global_colors_info=&#8221;{}&#8221;][\/et_pb_contact_field][et_pb_contact_field field_id=&#8221;Email&#8221; field_title=&#8221;Correu electr\u00f2nic&#8221; field_type=&#8221;email&#8221; _builder_version=&#8221;4.21.0&#8243; border_radii=&#8221;on|10px|10px|10px|10px&#8221; global_colors_info=&#8221;{}&#8221; button_text_size__hover_enabled=&#8221;off&#8221; button_one_text_size__hover_enabled=&#8221;off&#8221; button_two_text_size__hover_enabled=&#8221;off&#8221; button_text_color__hover_enabled=&#8221;off&#8221; button_one_text_color__hover_enabled=&#8221;off&#8221; button_two_text_color__hover_enabled=&#8221;off&#8221; button_border_width__hover_enabled=&#8221;off&#8221; button_one_border_width__hover_enabled=&#8221;off&#8221; button_two_border_width__hover_enabled=&#8221;off&#8221; button_border_color__hover_enabled=&#8221;off&#8221; button_one_border_color__hover_enabled=&#8221;off&#8221; button_two_border_color__hover_enabled=&#8221;off&#8221; button_border_radius__hover_enabled=&#8221;off&#8221; button_one_border_radius__hover_enabled=&#8221;off&#8221; button_two_border_radius__hover_enabled=&#8221;off&#8221; button_letter_spacing__hover_enabled=&#8221;off&#8221; button_one_letter_spacing__hover_enabled=&#8221;off&#8221; button_two_letter_spacing__hover_enabled=&#8221;off&#8221; button_bg_color__hover_enabled=&#8221;off&#8221; button_one_bg_color__hover_enabled=&#8221;off&#8221; button_two_bg_color__hover_enabled=&#8221;off&#8221;][\/et_pb_contact_field][et_pb_contact_field field_id=&#8221;Missatge&#8221; field_title=&#8221;En qu\u00e8 et podem ajudar?&#8221; field_type=&#8221;text&#8221; fullwidth_field=&#8221;on&#8221; _builder_version=&#8221;4.21.0&#8243; border_radii=&#8221;on|10px|10px|10px|10px&#8221; global_colors_info=&#8221;{}&#8221; button_text_size__hover_enabled=&#8221;off&#8221; button_one_text_size__hover_enabled=&#8221;off&#8221; button_two_text_size__hover_enabled=&#8221;off&#8221; button_text_color__hover_enabled=&#8221;off&#8221; button_one_text_color__hover_enabled=&#8221;off&#8221; button_two_text_color__hover_enabled=&#8221;off&#8221; button_border_width__hover_enabled=&#8221;off&#8221; button_one_border_width__hover_enabled=&#8221;off&#8221; button_two_border_width__hover_enabled=&#8221;off&#8221; button_border_color__hover_enabled=&#8221;off&#8221; button_one_border_color__hover_enabled=&#8221;off&#8221; button_two_border_color__hover_enabled=&#8221;off&#8221; button_border_radius__hover_enabled=&#8221;off&#8221; button_one_border_radius__hover_enabled=&#8221;off&#8221; button_two_border_radius__hover_enabled=&#8221;off&#8221; button_letter_spacing__hover_enabled=&#8221;off&#8221; button_one_letter_spacing__hover_enabled=&#8221;off&#8221; button_two_letter_spacing__hover_enabled=&#8221;off&#8221; button_bg_color__hover_enabled=&#8221;off&#8221; button_one_bg_color__hover_enabled=&#8221;off&#8221; button_two_bg_color__hover_enabled=&#8221;off&#8221;][\/et_pb_contact_field][et_pb_contact_field field_id=&#8221;Acceptaci\u00f3&#8221; field_title=&#8221;Privadesa&#8221; field_type=&#8221;checkbox&#8221; checkbox_options=&#8221;%91{%22value%22:%22He le\u00eddo y acepto la Pol\u00edtica de Privacidad%22,%22checked%22:0,%22dragID%22:-1}%93&#8243; fullwidth_field=&#8221;on&#8221; _builder_version=&#8221;4.21.0&#8243; _module_preset=&#8221;default&#8221; global_colors_info=&#8221;{}&#8221;][\/et_pb_contact_field][\/et_pb_contact_form][\/et_pb_column][\/et_pb_row][et_pb_row column_structure=&#8221;1_4,1_4,1_2&#8243; _builder_version=&#8221;4.21.0&#8243; _module_preset=&#8221;default&#8221; transform_translate=&#8221;0px|-250px&#8221; transform_translate_linked=&#8221;off&#8221; custom_margin=&#8221;||0px||false|false&#8221; custom_padding=&#8221;||0px||false|false&#8221; global_colors_info=&#8221;{}&#8221;][et_pb_column type=&#8221;1_4&#8243; _builder_version=&#8221;4.21.0&#8243; _module_preset=&#8221;default&#8221; global_colors_info=&#8221;{}&#8221;][et_pb_blurb use_icon=&#8221;on&#8221; font_icon=&#8221;&#xf3c5;||fa||900&#8243; icon_color=&#8221;rgba(255,255,255,0.8)&#8221; icon_placement=&#8221;left&#8221; admin_label=&#8221;Direccion&#8221; _builder_version=&#8221;4.21.0&#8243; _module_preset=&#8221;default&#8221; body_text_color=&#8221;#FFFFFF&#8221; body_font_size=&#8221;14px&#8221; body_line_height=&#8221;1.5em&#8221; animation_style=&#8221;fade&#8221; global_colors_info=&#8221;{}&#8221;]<\/p>\n<p>Vidriers, 14<br \/>Pol\u00edgon Industrial La Cometa<br \/>43700 El Vendrell. Tarragona<\/p>\n<p>[\/et_pb_blurb][\/et_pb_column][et_pb_column type=&#8221;1_4&#8243; _builder_version=&#8221;4.21.0&#8243; _module_preset=&#8221;default&#8221; transform_translate=&#8221;-30px|0px&#8221; transform_translate_linked=&#8221;off&#8221; custom_padding=&#8221;|||40px|false|false&#8221; border_width_left=&#8221;3px&#8221; border_color_left=&#8221;#FFFFFF&#8221; global_colors_info=&#8221;{}&#8221;][et_pb_blurb use_icon=&#8221;on&#8221; font_icon=&#8221;&#xf590;||fa||900&#8243; icon_color=&#8221;rgba(255,255,255,0.8)&#8221; icon_placement=&#8221;left&#8221; admin_label=&#8221;Telefono&#8221; _builder_version=&#8221;4.21.0&#8243; _module_preset=&#8221;default&#8221; body_text_color=&#8221;#FFFFFF&#8221; body_font_size=&#8221;14px&#8221; body_line_height=&#8221;1.5em&#8221; body_link_text_color=&#8221;#ffffff&#8221; animation_style=&#8221;fade&#8221; global_colors_info=&#8221;{}&#8221;]<\/p>\n<p><a href=\"tel:+34977664998\">977 66 49 98<\/a><\/p>\n<p>[\/et_pb_blurb][et_pb_blurb use_icon=&#8221;on&#8221; font_icon=&#8221;&#xe076;||divi||400&#8243; icon_color=&#8221;rgba(255,255,255,0.8)&#8221; icon_placement=&#8221;left&#8221; admin_label=&#8221;Mail&#8221; _builder_version=&#8221;4.21.0&#8243; _module_preset=&#8221;default&#8221; body_text_color=&#8221;#FFFFFF&#8221; body_font_size=&#8221;14px&#8221; body_line_height=&#8221;1.5em&#8221; body_link_text_color=&#8221;#ffffff&#8221; animation_style=&#8221;fade&#8221; global_colors_info=&#8221;{}&#8221;]<\/p>\n<p><a href=\"mailto:info@mecanizadosbp.com\"><span class=\"elementor-icon-list-text\">info@mecanizadosbp.com<\/span><\/a><\/p>\n<p>[\/et_pb_blurb][\/et_pb_column][et_pb_column type=&#8221;1_2&#8243; _builder_version=&#8221;4.21.0&#8243; _module_preset=&#8221;default&#8221; global_colors_info=&#8221;{}&#8221;][\/et_pb_column][\/et_pb_row][\/et_pb_section][et_pb_section fb_built=&#8221;1&#8243; fullwidth=&#8221;on&#8221; admin_label=&#8221;Mapa&#8221; _builder_version=&#8221;4.21.0&#8243; _module_preset=&#8221;default&#8221; border_width_bottom=&#8221;1px&#8221; border_color_bottom=&#8221;#000000&#8243; saved_tabs=&#8221;all&#8221; collapsed=&#8221;on&#8221; global_colors_info=&#8221;{}&#8221;][et_pb_fullwidth_code _builder_version=&#8221;4.21.0&#8243; _module_preset=&#8221;default&#8221; filter_saturate=&#8221;10%&#8221; global_colors_info=&#8221;{}&#8221; filter_saturate__hover_enabled=&#8221;on|hover&#8221; filter_saturate__hover=&#8221;50%&#8221;]<iframe src=\"https:\/\/www.google.com\/maps\/embed?pb=!1m14!1m8!1m3!1d12002.396820961834!2d1.5312653!3d41.2305039!3m2!1i1024!2i768!4f13.1!3m3!1m2!1s0x12a38bd7c9a2be75%3A0xe11f78e90f1020de!2sMecanizados%20Baix%20Pened%C3%A9s%2C%20S.L.!5e0!3m2!1ses!2ses!4v1687347270352!5m2!1ses!2ses\" width=\"1920\" height=\"400\" style=\"border:0;vertical-align:bottom;\" allowfullscreen=\"\" loading=\"lazy\" referrerpolicy=\"no-referrer-when-downgrade\"><\/iframe>[\/et_pb_fullwidth_code][\/et_pb_section][et_pb_section fb_built=&#8221;1&#8243; admin_label=&#8221;Logos&#8221; _builder_version=&#8221;4.21.0&#8243; _module_preset=&#8221;default&#8221; background_color=&#8221;rgba(73,38,156,0.1)&#8221; custom_padding=&#8221;10px||7px|||&#8221; saved_tabs=&#8221;all&#8221; collapsed=&#8221;on&#8221; global_colors_info=&#8221;{}&#8221;][et_pb_row _builder_version=&#8221;4.21.0&#8243; _module_preset=&#8221;default&#8221; global_colors_info=&#8221;{}&#8221;][et_pb_column type=&#8221;4_4&#8243; _builder_version=&#8221;4.21.0&#8243; _module_preset=&#8221;default&#8221; global_colors_info=&#8221;{}&#8221;][et_pb_image src=&#8221;https:\/\/www.mecanizadosbp.com\/wp-content\/uploads\/2023\/05\/Logo-digitalizadores_1240_RET.png&#8221; alt=&#8221;TG Patrimonials. Real Estate and Financial Investments&#8230;&#8221; title_text=&#8221;TG Patrimonials. Real Estate and Financial Investments&#8230;&#8221; align=&#8221;center&#8221; _builder_version=&#8221;4.21.0&#8243; _module_preset=&#8221;default&#8221; transform_scale=&#8221;60%|60%&#8221; global_colors_info=&#8221;{}&#8221;][\/et_pb_image][\/et_pb_column][\/et_pb_row][\/et_pb_section]<\/p>\n","protected":false},"excerpt":{"rendered":"<p>Coneix-nosQUI SOMQui SomEmpresa del sector de la metal\u00b7l\u00fargia. Dedicada al desenvolupament de tota mena de treballs realitzats amb metalls, majorit\u00e0riament de fabricaci\u00f3 i dissenys propis, donant als nostres clients un plus d&#8217;originalitat i m\u00e0xima qualitat. Els nostres clients abasten tot el sector de mercat. Realitzem projectes per a particulars, empreses i obra p\u00fablica. Oferint sempre [&hellip;]<\/p>\n","protected":false},"author":1,"featured_media":0,"parent":0,"menu_order":0,"comment_status":"closed","ping_status":"closed","template":"","meta":{"_et_pb_use_builder":"on","_et_pb_old_content":"","_et_gb_content_width":"","_vp_format_video_url":"","_vp_image_focal_point":[],"footnotes":""},"class_list":["post-2598","page","type-page","status-publish","hentry"],"yoast_head":"<!-- This site is optimized with the Yoast SEO plugin v24.8.1 - https:\/\/yoast.com\/wordpress\/plugins\/seo\/ -->\n<title>Coneix-nos - Mecanizados Baix Pened\u00e9s<\/title>\n<meta name=\"robots\" content=\"index, follow, max-snippet:-1, max-image-preview:large, max-video-preview:-1\" \/>\n<link rel=\"canonical\" href=\"https:\/\/www.mecanizadosbp.com\/ca\/coneix-nos\/\" \/>\n<meta property=\"og:locale\" content=\"ca_ES\" \/>\n<meta property=\"og:type\" content=\"article\" \/>\n<meta property=\"og:title\" content=\"Coneix-nos - Mecanizados Baix Pened\u00e9s\" \/>\n<meta property=\"og:description\" content=\"Coneix-nosQUI SOMQui SomEmpresa del sector de la metal\u00b7l\u00fargia. Dedicada al desenvolupament de tota mena de treballs realitzats amb metalls, majorit\u00e0riament de fabricaci\u00f3 i dissenys propis, donant als nostres clients un plus d&#039;originalitat i m\u00e0xima qualitat. Els nostres clients abasten tot el sector de mercat. Realitzem projectes per a particulars, empreses i obra p\u00fablica. Oferint sempre [&hellip;]\" \/>\n<meta property=\"og:url\" content=\"https:\/\/www.mecanizadosbp.com\/ca\/coneix-nos\/\" \/>\n<meta property=\"og:site_name\" content=\"Mecanizados Baix Pened\u00e9s\" \/>\n<meta property=\"article:modified_time\" content=\"2023-09-27T17:45:39+00:00\" \/>\n<meta property=\"og:image\" content=\"https:\/\/www.mecanizadosbp.com\/wp-content\/uploads\/2023\/06\/logo_menu.jpg\" \/>\n\t<meta property=\"og:image:width\" content=\"287\" \/>\n\t<meta property=\"og:image:height\" content=\"90\" \/>\n\t<meta property=\"og:image:type\" content=\"image\/jpeg\" \/>\n<meta name=\"twitter:card\" content=\"summary_large_image\" \/>\n<meta name=\"twitter:label1\" content=\"Temps estimat de lectura\" \/>\n\t<meta name=\"twitter:data1\" content=\"4 minuts\" \/>\n<script type=\"application\/ld+json\" class=\"yoast-schema-graph\">{\"@context\":\"https:\/\/schema.org\",\"@graph\":[{\"@type\":\"WebPage\",\"@id\":\"https:\/\/www.mecanizadosbp.com\/ca\/coneix-nos\/\",\"url\":\"https:\/\/www.mecanizadosbp.com\/ca\/coneix-nos\/\",\"name\":\"Coneix-nos - Mecanizados Baix Pened\u00e9s\",\"isPartOf\":{\"@id\":\"https:\/\/www.mecanizadosbp.com\/ca\/#website\"},\"datePublished\":\"2023-05-10T16:19:42+00:00\",\"dateModified\":\"2023-09-27T17:45:39+00:00\",\"breadcrumb\":{\"@id\":\"https:\/\/www.mecanizadosbp.com\/ca\/coneix-nos\/#breadcrumb\"},\"inLanguage\":\"ca\",\"potentialAction\":[{\"@type\":\"ReadAction\",\"target\":[\"https:\/\/www.mecanizadosbp.com\/ca\/coneix-nos\/\"]}]},{\"@type\":\"BreadcrumbList\",\"@id\":\"https:\/\/www.mecanizadosbp.com\/ca\/coneix-nos\/#breadcrumb\",\"itemListElement\":[{\"@type\":\"ListItem\",\"position\":1,\"name\":\"Portada\",\"item\":\"https:\/\/www.mecanizadosbp.com\/ca\/\"},{\"@type\":\"ListItem\",\"position\":2,\"name\":\"Coneix-nos\"}]},{\"@type\":\"WebSite\",\"@id\":\"https:\/\/www.mecanizadosbp.com\/ca\/#website\",\"url\":\"https:\/\/www.mecanizadosbp.com\/ca\/\",\"name\":\"Mecanizados Baix Pened\u00e9s\",\"description\":\"Trabajos a medida en acero inoxidable, hierro y aluminio\",\"publisher\":{\"@id\":\"https:\/\/www.mecanizadosbp.com\/ca\/#organization\"},\"alternateName\":\"Mecanizados Baix Pened\u00e9s\",\"potentialAction\":[{\"@type\":\"SearchAction\",\"target\":{\"@type\":\"EntryPoint\",\"urlTemplate\":\"https:\/\/www.mecanizadosbp.com\/ca\/?s={search_term_string}\"},\"query-input\":{\"@type\":\"PropertyValueSpecification\",\"valueRequired\":true,\"valueName\":\"search_term_string\"}}],\"inLanguage\":\"ca\"},{\"@type\":\"Organization\",\"@id\":\"https:\/\/www.mecanizadosbp.com\/ca\/#organization\",\"name\":\"Mecanizados Baix Pened\u00e9s\",\"alternateName\":\"Mecanizados Baix Pened\u00e9s\",\"url\":\"https:\/\/www.mecanizadosbp.com\/ca\/\",\"logo\":{\"@type\":\"ImageObject\",\"inLanguage\":\"ca\",\"@id\":\"https:\/\/www.mecanizadosbp.com\/ca\/#\/schema\/logo\/image\/\",\"url\":\"https:\/\/www.mecanizadosbp.com\/wp-content\/uploads\/2023\/06\/logo_menu.jpg\",\"contentUrl\":\"https:\/\/www.mecanizadosbp.com\/wp-content\/uploads\/2023\/06\/logo_menu.jpg\",\"width\":287,\"height\":90,\"caption\":\"Mecanizados Baix Pened\u00e9s\"},\"image\":{\"@id\":\"https:\/\/www.mecanizadosbp.com\/ca\/#\/schema\/logo\/image\/\"}}]}<\/script>\n<!-- \/ Yoast SEO plugin. -->","yoast_head_json":{"title":"Coneix-nos - Mecanizados Baix Pened\u00e9s","robots":{"index":"index","follow":"follow","max-snippet":"max-snippet:-1","max-image-preview":"max-image-preview:large","max-video-preview":"max-video-preview:-1"},"canonical":"https:\/\/www.mecanizadosbp.com\/ca\/coneix-nos\/","og_locale":"ca_ES","og_type":"article","og_title":"Coneix-nos - Mecanizados Baix Pened\u00e9s","og_description":"Coneix-nosQUI SOMQui SomEmpresa del sector de la metal\u00b7l\u00fargia. Dedicada al desenvolupament de tota mena de treballs realitzats amb metalls, majorit\u00e0riament de fabricaci\u00f3 i dissenys propis, donant als nostres clients un plus d'originalitat i m\u00e0xima qualitat. Els nostres clients abasten tot el sector de mercat. Realitzem projectes per a particulars, empreses i obra p\u00fablica. Oferint sempre [&hellip;]","og_url":"https:\/\/www.mecanizadosbp.com\/ca\/coneix-nos\/","og_site_name":"Mecanizados Baix Pened\u00e9s","article_modified_time":"2023-09-27T17:45:39+00:00","og_image":[{"width":287,"height":90,"url":"https:\/\/www.mecanizadosbp.com\/wp-content\/uploads\/2023\/06\/logo_menu.jpg","type":"image\/jpeg"}],"twitter_card":"summary_large_image","twitter_misc":{"Temps estimat de lectura":"4 minuts"},"schema":{"@context":"https:\/\/schema.org","@graph":[{"@type":"WebPage","@id":"https:\/\/www.mecanizadosbp.com\/ca\/coneix-nos\/","url":"https:\/\/www.mecanizadosbp.com\/ca\/coneix-nos\/","name":"Coneix-nos - Mecanizados Baix Pened\u00e9s","isPartOf":{"@id":"https:\/\/www.mecanizadosbp.com\/ca\/#website"},"datePublished":"2023-05-10T16:19:42+00:00","dateModified":"2023-09-27T17:45:39+00:00","breadcrumb":{"@id":"https:\/\/www.mecanizadosbp.com\/ca\/coneix-nos\/#breadcrumb"},"inLanguage":"ca","potentialAction":[{"@type":"ReadAction","target":["https:\/\/www.mecanizadosbp.com\/ca\/coneix-nos\/"]}]},{"@type":"BreadcrumbList","@id":"https:\/\/www.mecanizadosbp.com\/ca\/coneix-nos\/#breadcrumb","itemListElement":[{"@type":"ListItem","position":1,"name":"Portada","item":"https:\/\/www.mecanizadosbp.com\/ca\/"},{"@type":"ListItem","position":2,"name":"Coneix-nos"}]},{"@type":"WebSite","@id":"https:\/\/www.mecanizadosbp.com\/ca\/#website","url":"https:\/\/www.mecanizadosbp.com\/ca\/","name":"Mecanizados Baix Pened\u00e9s","description":"Trabajos a medida en acero inoxidable, hierro y aluminio","publisher":{"@id":"https:\/\/www.mecanizadosbp.com\/ca\/#organization"},"alternateName":"Mecanizados Baix Pened\u00e9s","potentialAction":[{"@type":"SearchAction","target":{"@type":"EntryPoint","urlTemplate":"https:\/\/www.mecanizadosbp.com\/ca\/?s={search_term_string}"},"query-input":{"@type":"PropertyValueSpecification","valueRequired":true,"valueName":"search_term_string"}}],"inLanguage":"ca"},{"@type":"Organization","@id":"https:\/\/www.mecanizadosbp.com\/ca\/#organization","name":"Mecanizados Baix Pened\u00e9s","alternateName":"Mecanizados Baix Pened\u00e9s","url":"https:\/\/www.mecanizadosbp.com\/ca\/","logo":{"@type":"ImageObject","inLanguage":"ca","@id":"https:\/\/www.mecanizadosbp.com\/ca\/#\/schema\/logo\/image\/","url":"https:\/\/www.mecanizadosbp.com\/wp-content\/uploads\/2023\/06\/logo_menu.jpg","contentUrl":"https:\/\/www.mecanizadosbp.com\/wp-content\/uploads\/2023\/06\/logo_menu.jpg","width":287,"height":90,"caption":"Mecanizados Baix Pened\u00e9s"},"image":{"@id":"https:\/\/www.mecanizadosbp.com\/ca\/#\/schema\/logo\/image\/"}}]}},"_links":{"self":[{"href":"https:\/\/www.mecanizadosbp.com\/ca\/wp-json\/wp\/v2\/pages\/2598","targetHints":{"allow":["GET"]}}],"collection":[{"href":"https:\/\/www.mecanizadosbp.com\/ca\/wp-json\/wp\/v2\/pages"}],"about":[{"href":"https:\/\/www.mecanizadosbp.com\/ca\/wp-json\/wp\/v2\/types\/page"}],"author":[{"embeddable":true,"href":"https:\/\/www.mecanizadosbp.com\/ca\/wp-json\/wp\/v2\/users\/1"}],"replies":[{"embeddable":true,"href":"https:\/\/www.mecanizadosbp.com\/ca\/wp-json\/wp\/v2\/comments?post=2598"}],"version-history":[{"count":13,"href":"https:\/\/www.mecanizadosbp.com\/ca\/wp-json\/wp\/v2\/pages\/2598\/revisions"}],"predecessor-version":[{"id":3947,"href":"https:\/\/www.mecanizadosbp.com\/ca\/wp-json\/wp\/v2\/pages\/2598\/revisions\/3947"}],"wp:attachment":[{"href":"https:\/\/www.mecanizadosbp.com\/ca\/wp-json\/wp\/v2\/media?parent=2598"}],"curies":[{"name":"wp","href":"https:\/\/api.w.org\/{rel}","templated":true}]}}